{"id":399,"date":"2020-12-11T13:30:00","date_gmt":"2020-12-11T12:30:00","guid":{"rendered":"http:\/\/www.diap7.fr\/wordpress\/?page_id=399"},"modified":"2023-12-18T08:40:24","modified_gmt":"2023-12-18T07:40:24","slug":"debuter","status":"publish","type":"page","link":"https:\/\/www.diap7.fr\/wordpress\/passion-photo\/debuter\/","title":{"rendered":"D\u00e9buter en photographie"},"content":{"rendered":"\n<h4 class=\" eplus-mMg8uH wp-block-heading has-stk-global-color-57259-color has-text-color eplus-wrapper\"><strong>D\u00c9BUTER EN PHOTOGRAPHIE AVEC LES BONNES BASES<\/strong><\/h4>\n\n\n\n<p class=\" eplus-Y0De81 eplus-wrapper\">Je me propose de mettre surce site des articles \u00e0 la disposition de ceuxs&nbsp;qui souhaitent am\u00e9liorer leurs prises de vue (appareil photo ou t\u00e9l\u00e9phone portable) sans pour autant investir financi\u00e8rement.<\/p>\n\n\n\n<p class=\" eplus-418qPs eplus-wrapper\">Quelques photos (Afrique du Sud, USA, Cuba)<br><\/p>\n\n\n\n<figure class=\"wp-block-gallery has-nested-images columns-default is-cropped eplus-wrapper wp-block-gallery-1\">\n<figure class=\" wp-block-image size-large eplus-wrapper\"><img decoding=\"async\" data-id=\"2725\" src=\"https:\/\/www.diap7.fr\/wordpress\/wp-content\/uploads\/2023\/12\/tech1.jpg\" alt=\"\" class=\"wp-image-2725\"\/><\/figure>\n\n\n\n<figure class=\" wp-block-image size-large eplus-wrapper\"><img decoding=\"async\" data-id=\"2727\" src=\"https:\/\/www.diap7.fr\/wordpress\/wp-content\/uploads\/2023\/12\/tech2.jpg\" alt=\"\" class=\"wp-image-2727\"\/><\/figure>\n\n\n\n<figure class=\" wp-block-image size-large eplus-wrapper\"><img decoding=\"async\" data-id=\"2726\" src=\"https:\/\/www.diap7.fr\/wordpress\/wp-content\/uploads\/2023\/12\/tech3.jpg\" alt=\"\" class=\"wp-image-2726\"\/><\/figure>\n\n\n\n<figure class=\" wp-block-image size-large eplus-wrapper\"><img decoding=\"async\" data-id=\"2729\" src=\"https:\/\/www.diap7.fr\/wordpress\/wp-content\/uploads\/2023\/12\/tech4.jpg\" alt=\"\" class=\"wp-image-2729\"\/><\/figure>\n\n\n\n<figure class=\" wp-block-image size-large eplus-wrapper\"><img decoding=\"async\" data-id=\"2730\" src=\"https:\/\/www.diap7.fr\/wordpress\/wp-content\/uploads\/2023\/12\/tech5.jpg\" alt=\"\" class=\"wp-image-2730\"\/><\/figure>\n\n\n\n<figure class=\" wp-block-image size-large eplus-wrapper\"><img decoding=\"async\" data-id=\"2728\" src=\"https:\/\/www.diap7.fr\/wordpress\/wp-content\/uploads\/2023\/12\/tech6.jpg\" alt=\"\" class=\"wp-image-2728\"\/><\/figure>\n<\/figure>\n\n\n\n<p class=\" eplus-2WVFLy eplus-wrapper\"><em>D\u00e9buter en photographie c\u2019est se poser beaucoup de questions sur la technique. Et par moment se dire qu\u2019on y arrivera jamais\u2026 Rassurez-vous, car vous \u00eates arriv\u00e9 au bon moment et au bon endroit.<\/em><\/p>\n\n\n\n<p class=\" eplus-723Brn eplus-wrapper\"><a href=\"https:\/\/www.naturephotographie.com\/debuter-en-photographie\/\" target=\"_blank\" rel=\"noreferrer noopener\">Lien vers le site \u00ab\u00a0NaturePhotographie\u00a0\u00bb<\/a><\/p>\n\n\n\n<h4 class=\" eplus-o7FxhV wp-block-heading has-stk-global-color-57259-color has-text-color eplus-wrapper\"><strong><strong>Le primordial&nbsp;: Savoir cadrer une photo<\/strong><\/strong><\/h4>\n\n\n\n<p class=\" eplus-6u2Aet eplus-wrapper\">Il existe quelques&nbsp;<em>astuces<\/em>&nbsp;tr\u00e8s simples qui vous permettront de vous assurer de&nbsp;<strong>bien cadrer<\/strong>&nbsp;! Vos sujets seront alors mis en valeur et attireront le regard&#8230;<\/p>\n\n\n\n<p class=\" eplus-OTInbT eplus-wrapper\">La r\u00e8gle des tiers, aussi appel\u00e9e r\u00e8gle d&rsquo;or, c&rsquo;est la r\u00e8gle des r\u00e8gles en photo&#8230;&nbsp; Le principe est tr\u00e8s simple : pour bien cadrer, cherchez toujours \u00e0 placer le sujet de votre photo (ce que vous souhaitez que le lecteur regarde en priorit\u00e9) sur un point fort de l&rsquo;image.<\/p>\n\n\n\n<p class=\" eplus-xINaIH eplus-wrapper\">Les points de croisement des lignes rouges sont les points forts de l&rsquo;image. Dans la majorit\u00e9 des cas, placer le sujet principal de la photo sur un de ces points est une bonne chose.<\/p>\n\n\n\n<p class=\" eplus-dDUZog eplus-wrapper\"><br>Le regard, le mouvement : importance du cadrage<\/p>\n\n\n\n<figure class=\"wp-block-gallery has-nested-images columns-default is-cropped eplus-wrapper wp-block-gallery-2\">\n<figure class=\" wp-block-image size-large eplus-wrapper\"><img decoding=\"async\" data-id=\"2731\" src=\"https:\/\/www.diap7.fr\/wordpress\/wp-content\/uploads\/2023\/12\/tech7.jpg\" alt=\"\" class=\"wp-image-2731\"\/><\/figure>\n\n\n\n<figure class=\" wp-block-image size-large eplus-wrapper\"><img decoding=\"async\" data-id=\"2732\" src=\"https:\/\/www.diap7.fr\/wordpress\/wp-content\/uploads\/2023\/12\/tech8.jpg\" alt=\"\" class=\"wp-image-2732\"\/><\/figure>\n<\/figure>\n\n\n\n<p class=\" eplus-iC2L7I eplus-wrapper\">Il faut essayer, autant que possible, de donner de l&rsquo;\u00ab espace \u00bb au regard d&rsquo;un sujet ou d&rsquo;un objet en mouvement dans la composition : laissez un peu de champ dans le sens du regard d&rsquo;une personne ou d&rsquo;un animal, ou devant un sujet (voiture, v\u00e9lo, animal) en mouvement.<\/p>\n\n\n\n<p class=\" eplus-5EfYk4 eplus-wrapper\"><br><br><em>Bien cadrer une photo<\/em>&nbsp;: sugg\u00e9rer le mouvement<\/p>\n\n\n\n<h4 class=\" eplus-hglyTz wp-block-heading has-stk-global-color-57259-color has-text-color eplus-wrapper\"><strong><strong><strong>Regards sur la photo de rue<\/strong><\/strong><\/strong><\/h4>\n\n\n\n<p class=\" eplus-X6RDxZ eplus-wrapper\">Un livre gratuit de&nbsp;<strong>Thomas Leuthard<\/strong><\/p>\n\n\n\n<p class=\" eplus-WbAzeC eplus-wrapper\"><em>\u00ab\u00a0La photographie de rue a chang\u00e9 mon existence de mani\u00e8re soudaine et inattendue. Ma vie a pris une nouvelle direction. D\u00e9sormais, j\u2019ai une activit\u00e9 qui me permet d\u2019exprimer ma cr\u00e9ativit\u00e9. Chaque jour est un nouveau d\u00e9fi et cette nouveaut\u00e9 permanente ne laisse pas de place \u00e0 l\u2019ennui. J\u2019ai une bonne raison de voyager et de rencontrer beaucoup de gens. Et en plus de tout cela, je me r\u00e9veille chaque matin avec le sourire. Selon moi, la photographie de rue est plus qu\u2019un genre photographique, c\u2019est un style de vie\u2026\u00a0\u00bb<\/em><\/p>\n\n\n\n<p class=\" eplus-7czO64 eplus-wrapper\"><a href=\"http:\/\/apprendre-la-photo.fr\/host\/Regards-sur-la-photo-de-rue.pdf\" target=\"_blank\" rel=\"noreferrer noopener\">http:\/\/apprendre-la-photo.fr\/host\/Regards-sur-la-photo-de-rue.pdf<\/a><\/p>\n\n\n\n<h4 class=\" eplus-pWJUWk wp-block-heading has-stk-global-color-57259-color has-text-color eplus-wrapper\"><strong><strong><strong><strong>Quelques liens pour d\u00e9butants et confirm\u00e9s<\/strong><\/strong><\/strong><\/strong><\/h4>\n\n\n\n<p class=\" eplus-9l1lkw eplus-wrapper\"><a href=\"http:\/\/www.tutos-photo.com\/index.php\" target=\"_blank\" rel=\"noreferrer noopener\">http:\/\/www.tutos-photo.com\/index.php<\/a><\/p>\n\n\n\n<p class=\" eplus-G2pbrf eplus-wrapper\"><a href=\"http:\/\/www.ouiouiphoto.fr\/ArticlesNew.html\" target=\"_blank\" rel=\"noreferrer noopener\">http:\/\/www.ouiouiphoto.fr\/ArticlesNew.html<\/a><\/p>\n\n\n\n<p class=\" eplus-WSDDLk eplus-wrapper\">Sans oublier le fameux blog : Apprendre la Photo<br><a href=\"https:\/\/apprendre-la-photo.fr\/\" target=\"_blank\" rel=\"noreferrer noopener\">https:\/\/apprendre-la-photo.fr\/<\/a><\/p>\n\n\n\n<h4 class=\" eplus-R1LIVH wp-block-heading has-stk-global-color-57259-color has-text-color eplus-wrapper\"><strong><strong><strong><strong><strong>Les objectifs<\/strong><\/strong><\/strong><\/strong><\/strong><\/h4>\n\n\n\n<p class=\" eplus-LEdvxi eplus-wrapper\">Comment choisir son objectif ?<br><a href=\"http:\/\/tontonphoto.fr\/comment-choisir-objectif-photo-methode-10-points\/\" target=\"_blank\" rel=\"noreferrer noopener\">http:\/\/tontonphoto.fr\/comment-choisir-objectif-photo-methode-10-points\/<\/a><\/p>\n\n\n\n<p class=\" eplus-lQ1fgW eplus-wrapper\">Quel objectif pour du paysage ?<br><a href=\"http:\/\/objectif-photographe.fr\/objectif-grand-angle-paysage\/\" target=\"_blank\" rel=\"noreferrer noopener\">http:\/\/objectif-photographe.fr\/objectif-grand-angle-paysage\/<\/a><\/p>\n\n\n\n<p class=\" eplus-yO4weD eplus-wrapper\">Un objectif \u00e0 focale fixe :&nbsp;<br><a href=\"https:\/\/www.nikonpassion.com\/7-bonnes-raisons-utiliser-objectif-35mm-focale-fixe\/\" target=\"_blank\" rel=\"noreferrer noopener\">https:\/\/www.nikonpassion.com\/7-bonnes-raisons-utiliser-objectif-35mm-focale-fixe\/<\/a><br><a href=\"https:\/\/apprendre-la-photographie.net\/objectif-50mm\/\" target=\"_blank\" rel=\"noreferrer noopener\">https:\/\/apprendre-la-photographie.net\/objectif-50mm\/<\/a><\/p>\n\n\n\n<h4 class=\" eplus-KvKSRP wp-block-heading has-stk-global-color-57259-color has-text-color eplus-wrapper\"><strong><strong><strong><strong><strong><strong>Smartphones<\/strong><\/strong><\/strong><\/strong><\/strong><\/strong><\/h4>\n\n\n\n<p class=\" eplus-XXB6iO eplus-wrapper\">13 r\u00e9glages \u00e0 ma\u00eetriser pour r\u00e9aliser de meilleures photos :&nbsp;<br><a href=\"https:\/\/www.cnetfrance.fr\/produits\/smartphones-13-reglages-a-maitriser-pour-realiser-de-meilleures-photos-39803459.htm\" target=\"_blank\" rel=\"noreferrer noopener\">https:\/\/www.cnetfrance.fr\/produits\/smartphones-13-reglages-a-maitriser-pour-realiser-de-meilleures-photos-39803459.htm<\/a><\/p>\n\n\n\n<hr class=\" eplus-DEuKum wp-block-separator has-css-opacity eplus-wrapper\"\/>\n\n\n\n<p class=\" eplus-5qIX0O eplus-wrapper\">Ci joint quelques photos prises cette semaine, lors de notre escapade \u00e0 Saint Valery \/ mer, mon <a href=\"https:\/\/www.lesnumeriques.com\/appareil-photo-numerique\/pentax-k-3-p17303\/test.html\" target=\"_blank\" rel=\"noreferrer noopener\">Pentax K3<\/a> \u00e9tant \u00e9quip\u00e9 uniquement d&rsquo;un objectif <a href=\"https:\/\/www.lesnumeriques.com\/objectif\/pentax-35-mm-da-f-2-4-al-p48211\/test.html\" target=\"_blank\" rel=\"noreferrer noopener\">35mm<\/a> (j&rsquo;en avais d\u00e9cid\u00e9 ainsi avant de partir !).<\/p>\n\n\n\n<p class=\" eplus-wrapper\"><\/p>\n\n\n\n<figure class=\"wp-block-gallery has-nested-images columns-default is-cropped eplus-wrapper wp-block-gallery-3\">\n<figure class=\" wp-block-image size-large eplus-wrapper\"><img decoding=\"async\" data-id=\"2733\" src=\"https:\/\/www.diap7.fr\/wordpress\/wp-content\/uploads\/2023\/12\/tech9.jpg\" alt=\"\" class=\"wp-image-2733\"\/><\/figure>\n\n\n\n<figure class=\" wp-block-image size-large eplus-wrapper\"><img decoding=\"async\" data-id=\"2734\" src=\"https:\/\/www.diap7.fr\/wordpress\/wp-content\/uploads\/2023\/12\/tech10.jpg\" alt=\"\" class=\"wp-image-2734\"\/><\/figure>\n\n\n\n<figure class=\" wp-block-image size-large eplus-wrapper\"><img decoding=\"async\" data-id=\"2736\" src=\"https:\/\/www.diap7.fr\/wordpress\/wp-content\/uploads\/2023\/12\/tech11.jpg\" alt=\"\" class=\"wp-image-2736\"\/><\/figure>\n\n\n\n<figure class=\" wp-block-image size-large eplus-wrapper\"><img decoding=\"async\" data-id=\"2735\" src=\"https:\/\/www.diap7.fr\/wordpress\/wp-content\/uploads\/2023\/12\/tech12.jpg\" alt=\"\" class=\"wp-image-2735\"\/><\/figure>\n<\/figure>\n\n\n\n<p class=\" eplus-sTXZye eplus-wrapper\">Rappel avec un objectif fixe : pas de temps perdu&nbsp;pour prendre une photo de rue, par contre dans ce cas, c&rsquo;est \u00e0 nous de se d\u00e9placer afin de trouver le bon cadrage !<\/p>\n\n\n\n<p class=\" eplus-XzPWtS eplus-wrapper\">A ne pas rater, la balade entre le Crotoy et Saint Valery\/mer en chemin de fer&nbsp;<br>Site web du chemin de fer&nbsp;de la baie de somme : <a href=\"http:\/\/www.cfbs.eu\" target=\"_blank\" rel=\"noreferrer noopener\">http:\/\/www.cfbs.eu<\/a><\/p>\n","protected":false},"excerpt":{"rendered":"<p>D\u00c9BUTER EN PHOTOGRAPHIE AVEC LES BONNES BASES Je me propose de mettre surce site des articles \u00e0 la disposition de ceuxs&nbsp;qui souhaitent am\u00e9liorer leurs prises de vue (appareil photo ou t\u00e9l\u00e9phone portable) sans pour autant investir financi\u00e8rement. Quelques photos (Afrique du Sud, USA, Cuba) D\u00e9buter en photographie c\u2019est se poser [&hellip;]<\/p>\n","protected":false},"author":1,"featured_media":793,"parent":5,"menu_order":6,"comment_status":"closed","ping_status":"closed","template":"page-templates\/template-fullwidth.php","meta":{"_coblocks_attr":"","_coblocks_dimensions":"","_coblocks_responsive_height":"","_coblocks_accordion_ie_support":"","editor_plus_copied_stylings":"{}","_themeisle_gutenberg_block_has_review":false,"footnotes":""},"class_list":["post-399","page","type-page","status-publish","has-post-thumbnail","hentry"],"featured_image_urls_v2":{"full":["https:\/\/www.diap7.fr\/wordpress\/wp-content\/uploads\/entete\/prem1.jpg",1900,450,false],"thumbnail":["https:\/\/www.diap7.fr\/wordpress\/wp-content\/uploads\/entete\/prem1-150x150.jpg",150,150,true],"medium":["https:\/\/www.diap7.fr\/wordpress\/wp-content\/uploads\/entete\/prem1-300x71.jpg",300,71,true],"medium_large":["https:\/\/www.diap7.fr\/wordpress\/wp-content\/uploads\/entete\/prem1-768x182.jpg",750,178,true],"large":["https:\/\/www.diap7.fr\/wordpress\/wp-content\/uploads\/entete\/prem1-1024x243.jpg",750,178,true],"1536x1536":["https:\/\/www.diap7.fr\/wordpress\/wp-content\/uploads\/entete\/prem1-1536x364.jpg",1536,364,true],"2048x2048":["https:\/\/www.diap7.fr\/wordpress\/wp-content\/uploads\/entete\/prem1.jpg",1900,450,false],"hestia-blog":["https:\/\/www.diap7.fr\/wordpress\/wp-content\/uploads\/entete\/prem1-360x240.jpg",360,240,true]},"post_excerpt_stackable_v2":"<p>D\u00c9BUTER EN PHOTOGRAPHIE AVEC LES BONNES BASES Je me propose de mettre surce site des articles \u00e0 la disposition de ceuxs&nbsp;qui souhaitent am\u00e9liorer leurs prises de vue (appareil photo ou t\u00e9l\u00e9phone portable) sans pour autant investir financi\u00e8rement. Quelques photos (Afrique du Sud, USA, Cuba) D\u00e9buter en photographie c\u2019est se poser beaucoup de questions sur la technique. Et par moment se dire qu\u2019on y arrivera jamais\u2026 Rassurez-vous, car vous \u00eates arriv\u00e9 au bon moment et au bon endroit. Lien vers le site \u00ab\u00a0NaturePhotographie\u00a0\u00bb Le primordial&nbsp;: Savoir cadrer une photo Il existe quelques&nbsp;astuces&nbsp;tr\u00e8s simples qui vous permettront de vous assurer de&nbsp;bien cadrer&nbsp;!\u2026<\/p>\n","category_list_v2":"","author_info_v2":{"name":"Georges7","url":"https:\/\/www.diap7.fr\/wordpress\/author\/georges7\/"},"comments_num_v2":"0 commentaire","featured_image_src":"https:\/\/www.diap7.fr\/wordpress\/wp-content\/uploads\/entete\/prem1.jpg","_links":{"self":[{"href":"https:\/\/www.diap7.fr\/wordpress\/wp-json\/wp\/v2\/pages\/399","targetHints":{"allow":["GET"]}}],"collection":[{"href":"https:\/\/www.diap7.fr\/wordpress\/wp-json\/wp\/v2\/pages"}],"about":[{"href":"https:\/\/www.diap7.fr\/wordpress\/wp-json\/wp\/v2\/types\/page"}],"author":[{"embeddable":true,"href":"https:\/\/www.diap7.fr\/wordpress\/wp-json\/wp\/v2\/users\/1"}],"replies":[{"embeddable":true,"href":"https:\/\/www.diap7.fr\/wordpress\/wp-json\/wp\/v2\/comments?post=399"}],"version-history":[{"count":0,"href":"https:\/\/www.diap7.fr\/wordpress\/wp-json\/wp\/v2\/pages\/399\/revisions"}],"up":[{"embeddable":true,"href":"https:\/\/www.diap7.fr\/wordpress\/wp-json\/wp\/v2\/pages\/5"}],"wp:featuredmedia":[{"embeddable":true,"href":"https:\/\/www.diap7.fr\/wordpress\/wp-json\/wp\/v2\/media\/793"}],"wp:attachment":[{"href":"https:\/\/www.diap7.fr\/wordpress\/wp-json\/wp\/v2\/media?parent=399"}],"curies":[{"name":"wp","href":"https:\/\/api.w.org\/{rel}","templated":true}]}}